{"id":12951,"date":"2019-03-04T16:30:47","date_gmt":"2019-03-04T15:30:47","guid":{"rendered":"http:\/\/www.appartamentilorella.it\/le-palme\/"},"modified":"2019-04-10T12:59:10","modified_gmt":"2019-04-10T10:59:10","slug":"le-palme","status":"publish","type":"page","link":"https:\/\/www.appartamentilorella.it\/fr\/appartements\/le-palme\/","title":{"rendered":"Le Palme"},"content":{"rendered":"<div class=\"wpb-content-wrapper\"><p>[vc_row css=\u00a0\u00bb.vc_custom_1551775754252{padding-top: 50px !important;padding-bottom: 0px !important;}\u00a0\u00bb][vc_column width=\u00a0\u00bb1\/2&Prime;]<div id=\"ultimate-heading-355869efc889a6afa\" class=\"uvc-heading ult-adjust-bottom-margin ultimate-heading-355869efc889a6afa uvc-8343 \" data-hspacer=\"no_spacer\"  data-halign=\"right\" style=\"text-align:right\"><div class=\"uvc-heading-spacer no_spacer\" style=\"top\"><\/div><div class=\"uvc-main-heading ult-responsive\"  data-ultimate-target='.uvc-heading.ultimate-heading-355869efc889a6afa h2'  data-responsive-json-new='{\"font-size\":\"\",\"line-height\":\"\"}' ><h2 style=\"font-weight:normal;margin-top:30px;\">Les appartements<\/h2><\/div><\/div>[\/vc_column][vc_column width=\u00a0\u00bb1\/2&Prime;][vc_single_image image=\u00a0\u00bb11775&Prime; img_size=\u00a0\u00bbfull\u00a0\u00bb][\/vc_column][\/vc_row][vc_row full_width=\u00a0\u00bbstretch_row_content_no_spaces\u00a0\u00bb css=\u00a0\u00bb.vc_custom_1552908506022{margin-top: 0px !important;margin-bottom: 0px !important;border-top-width: 0px !important;border-bottom-width: 0px !important;padding-top: 0px !important;padding-bottom: 0px !important;background-color: #f7f7f7 !important;}\u00a0\u00bb][vc_column width=\u00a0\u00bb1\/2&Prime; css=\u00a0\u00bb.vc_custom_1551784237534{padding-top: 5% !important;padding-right: 5% !important;padding-bottom: 5% !important;padding-left: 5% !important;}\u00a0\u00bb]<div id=\"ultimate-heading-911869efc889a6b77\" class=\"uvc-heading ult-adjust-bottom-margin ultimate-heading-911869efc889a6b77 uvc-7490 \" data-hspacer=\"no_spacer\"  data-halign=\"center\" style=\"text-align:center\"><div class=\"uvc-heading-spacer no_spacer\" style=\"top\"><\/div><div class=\"uvc-main-heading ult-responsive\"  data-ultimate-target='.uvc-heading.ultimate-heading-911869efc889a6b77 h3'  data-responsive-json-new='{\"font-size\":\"\",\"line-height\":\"\"}' ><h3 style=\"font-weight:normal;\">Studio<\/h3><\/div><\/div>[vc_column_text]Le <strong>Studio<\/strong> est compos\u00e9 d&rsquo;un s\u00e9jour avec lit double et lit simple, une cuisine s\u00e9par\u00e9e, une salle de bain et une terrasse. Chaque studio dispose de la climatisation, d&rsquo;une t\u00e9l\u00e9vision couleurs, du chauffage en hiver et d&rsquo;une place de parking r\u00e9serv\u00e9e \u00e0 l&rsquo;ombre. Le changement des draps une fois par semaine ainsi que le m\u00e9nage final sont compris dans le prix.[\/vc_column_text][vc_single_image image=\u00a0\u00bb12025&Prime; img_size=\u00a0\u00bb200&Prime; add_caption=\u00a0\u00bbyes\u00a0\u00bb alignment=\u00a0\u00bbcenter\u00a0\u00bb onclick=\u00a0\u00bblink_image\u00a0\u00bb][\/vc_column][vc_column width=\u00a0\u00bb1\/2&Prime; css=\u00a0\u00bb.vc_custom_1551784423121{margin-top: 0px !important;margin-bottom: 0px !important;border-top-width: 0px !important;border-bottom-width: 0px !important;padding-top: 0px !important;padding-bottom: 0px !important;}\u00a0\u00bb]<div class=\"gallery-block-wrap  \"><div class=\"wpb_row vc_row-fluid gallery-block-container\"><div class=\"gallery-contents  margin-no\"><div class=\"gallery-grid-sizer vc_col-sm-3\"><\/div><div class=\"element gallery-item vc_col-sm-6\"><div class=\"portfolio-container portfolio-gallery_style1\"><div class=\"portfolio-img\"><img decoding=\"async\" src=\"https:\/\/www.appartamentilorella.it\/wp-content\/uploads\/2019\/03\/Cucina-mono-2-600x600.jpg\" alt=\"\"><\/div><div class=\"portfolio-hover\"><div class=\"gallery-icons\"><div class=\"center-wrap\"><a href=\"https:\/\/www.appartamentilorella.it\/wp-content\/uploads\/2019\/03\/Cucina-mono-2-1920x1020.jpg\" class=\"port-icon-hover popup-gallery\" data-title=\"Cucina mono 2\"><i class=\"pixicon-plus\"><\/i><\/a><\/div><\/div><\/div><\/div><\/div><div class=\"element gallery-item vc_col-sm-3\"><div class=\"portfolio-container portfolio-gallery_style1\"><div class=\"portfolio-img\"><img decoding=\"async\" src=\"https:\/\/www.appartamentilorella.it\/wp-content\/uploads\/2019\/03\/Bagno-mono-300x300.jpg\" alt=\"\"><\/div><div class=\"portfolio-hover\"><div class=\"gallery-icons\"><div class=\"center-wrap\"><a href=\"https:\/\/www.appartamentilorella.it\/wp-content\/uploads\/2019\/03\/Bagno-mono.jpg\" class=\"port-icon-hover popup-gallery\" data-title=\"Bagno mono\"><i class=\"pixicon-plus\"><\/i><\/a><\/div><\/div><\/div><\/div><\/div><div class=\"element gallery-item vc_col-sm-3\"><div class=\"portfolio-container portfolio-gallery_style1\"><div class=\"portfolio-img\"><img decoding=\"async\" src=\"https:\/\/www.appartamentilorella.it\/wp-content\/uploads\/2019\/03\/Camera-da-letto-mono-1-300x300.jpg\" alt=\"\"><\/div><div class=\"portfolio-hover\"><div class=\"gallery-icons\"><div class=\"center-wrap\"><a href=\"https:\/\/www.appartamentilorella.it\/wp-content\/uploads\/2019\/03\/Camera-da-letto-mono-1.jpg\" class=\"port-icon-hover popup-gallery\" data-title=\"Camera da letto mono 1\"><i class=\"pixicon-plus\"><\/i><\/a><\/div><\/div><\/div><\/div><\/div><div class=\"element gallery-item vc_col-sm-3\"><div class=\"portfolio-container portfolio-gallery_style1\"><div class=\"portfolio-img\"><img decoding=\"async\" src=\"https:\/\/www.appartamentilorella.it\/wp-content\/uploads\/2019\/03\/Camera-da-letto-mono-2-300x300.jpg\" alt=\"\"><\/div><div class=\"portfolio-hover\"><div class=\"gallery-icons\"><div class=\"center-wrap\"><a href=\"https:\/\/www.appartamentilorella.it\/wp-content\/uploads\/2019\/03\/Camera-da-letto-mono-2.jpg\" class=\"port-icon-hover popup-gallery\" data-title=\"Camera da letto mono 2\"><i class=\"pixicon-plus\"><\/i><\/a><\/div><\/div><\/div><\/div><\/div><div class=\"element gallery-item vc_col-sm-3\"><div class=\"portfolio-container portfolio-gallery_style1\"><div class=\"portfolio-img\"><img decoding=\"async\" src=\"https:\/\/www.appartamentilorella.it\/wp-content\/uploads\/2019\/03\/Cucina-mono-3-300x300.jpg\" alt=\"\"><\/div><div class=\"portfolio-hover\"><div class=\"gallery-icons\"><div class=\"center-wrap\"><a href=\"https:\/\/www.appartamentilorella.it\/wp-content\/uploads\/2019\/03\/Cucina-mono-3.jpg\" class=\"port-icon-hover popup-gallery\" data-title=\"Cucina mono 3\"><i class=\"pixicon-plus\"><\/i><\/a><\/div><\/div><\/div><\/div><\/div><\/div><\/div><\/div>[\/vc_column][\/vc_row][vc_row full_width=\u00a0\u00bbstretch_row_content_no_spaces\u00a0\u00bb css=\u00a0\u00bb.vc_custom_1551785901229{margin-top: 0px !important;margin-bottom: 0px !important;border-top-width: 0px !important;border-bottom-width: 0px !important;padding-top: 0px !important;padding-bottom: 0px !important;}\u00a0\u00bb][vc_column width=\u00a0\u00bb1\/2&Prime; css=\u00a0\u00bb.vc_custom_1551784237534{padding-top: 5% !important;padding-right: 5% !important;padding-bottom: 5% !important;padding-left: 5% !important;}\u00a0\u00bb]<div id=\"ultimate-heading-277569efc889aa68a\" class=\"uvc-heading ult-adjust-bottom-margin ultimate-heading-277569efc889aa68a uvc-3298 \" data-hspacer=\"no_spacer\"  data-halign=\"center\" style=\"text-align:center\"><div class=\"uvc-heading-spacer no_spacer\" style=\"top\"><\/div><div class=\"uvc-main-heading ult-responsive\"  data-ultimate-target='.uvc-heading.ultimate-heading-277569efc889aa68a h3'  data-responsive-json-new='{\"font-size\":\"\",\"line-height\":\"\"}' ><h3 style=\"font-weight:normal;\">Deux-pi\u00e8ces<\/h3><\/div><\/div>[vc_column_text]Le <strong>Deux-pi\u00e8ces<\/strong> est compos\u00e9 d&rsquo;une chambre \u00e0 coucher avec un lit double et un lit simple, d&rsquo;un salon disposant de deux couchages, d&rsquo;une cuisine s\u00e9par\u00e9e ou d&rsquo;un coin cuisine, d&rsquo;une salle de bain, d&rsquo;un balcon (au premier \u00e9tage) ou d&rsquo;une terrasse ext\u00e9rieure (rez-de-chauss\u00e9e). Chaque appartement est \u00e9quip\u00e9 d&rsquo;une t\u00e9l\u00e9vision couleurs, du chauffage en hiver, d&rsquo;une place de parking r\u00e9serv\u00e9e \u00e0 l&rsquo;ombre. Le changement des draps une fois par semaine ainsi que le m\u00e9nage final sont compris dans le prix.[\/vc_column_text][vc_single_image image=\u00a0\u00bb12026&Prime; img_size=\u00a0\u00bbmedium\u00a0\u00bb add_caption=\u00a0\u00bbyes\u00a0\u00bb alignment=\u00a0\u00bbcenter\u00a0\u00bb onclick=\u00a0\u00bblink_image\u00a0\u00bb][\/vc_column][vc_column width=\u00a0\u00bb1\/2&Prime; css=\u00a0\u00bb.vc_custom_1551784423121{margin-top: 0px !important;margin-bottom: 0px !important;border-top-width: 0px !important;border-bottom-width: 0px !important;padding-top: 0px !important;padding-bottom: 0px !important;}\u00a0\u00bb]<div class=\"gallery-block-wrap  \"><div class=\"wpb_row vc_row-fluid gallery-block-container\"><div class=\"gallery-contents  margin-no\"><div class=\"gallery-grid-sizer vc_col-sm-3\"><\/div><div class=\"element gallery-item vc_col-sm-6\"><div class=\"portfolio-container portfolio-gallery_style1\"><div class=\"portfolio-img\"><img decoding=\"async\" src=\"https:\/\/www.appartamentilorella.it\/wp-content\/uploads\/2019\/03\/Camera-da-letto-bilo-2-600x600.jpg\" alt=\"\"><\/div><div class=\"portfolio-hover\"><div class=\"gallery-icons\"><div class=\"center-wrap\"><a href=\"https:\/\/www.appartamentilorella.it\/wp-content\/uploads\/2019\/03\/Camera-da-letto-bilo-2-1920x1020.jpg\" class=\"port-icon-hover popup-gallery\" data-title=\"Camera da letto bilo 2\"><i class=\"pixicon-plus\"><\/i><\/a><\/div><\/div><\/div><\/div><\/div><div class=\"element gallery-item vc_col-sm-3\"><div class=\"portfolio-container portfolio-gallery_style1\"><div class=\"portfolio-img\"><img decoding=\"async\" src=\"https:\/\/www.appartamentilorella.it\/wp-content\/uploads\/2019\/03\/Camera-da-letto-bilo-300x300.jpg\" alt=\"\"><\/div><div class=\"portfolio-hover\"><div class=\"gallery-icons\"><div class=\"center-wrap\"><a href=\"https:\/\/www.appartamentilorella.it\/wp-content\/uploads\/2019\/03\/Camera-da-letto-bilo.jpg\" class=\"port-icon-hover popup-gallery\" data-title=\"Camera da letto bilo\"><i class=\"pixicon-plus\"><\/i><\/a><\/div><\/div><\/div><\/div><\/div><div class=\"element gallery-item vc_col-sm-3\"><div class=\"portfolio-container portfolio-gallery_style1\"><div class=\"portfolio-img\"><img decoding=\"async\" src=\"https:\/\/www.appartamentilorella.it\/wp-content\/uploads\/2019\/03\/Cucina-bilo--300x300.jpg\" alt=\"\"><\/div><div class=\"portfolio-hover\"><div class=\"gallery-icons\"><div class=\"center-wrap\"><a href=\"https:\/\/www.appartamentilorella.it\/wp-content\/uploads\/2019\/03\/Cucina-bilo-.jpg\" class=\"port-icon-hover popup-gallery\" data-title=\"Cucina bilo\"><i class=\"pixicon-plus\"><\/i><\/a><\/div><\/div><\/div><\/div><\/div><div class=\"element gallery-item vc_col-sm-3\"><div class=\"portfolio-container portfolio-gallery_style1\"><div class=\"portfolio-img\"><img decoding=\"async\" src=\"https:\/\/www.appartamentilorella.it\/wp-content\/uploads\/2019\/03\/Soggiorno-Bilo-Le-Plame--300x300.jpg\" alt=\"\"><\/div><div class=\"portfolio-hover\"><div class=\"gallery-icons\"><div class=\"center-wrap\"><a href=\"https:\/\/www.appartamentilorella.it\/wp-content\/uploads\/2019\/03\/Soggiorno-Bilo-Le-Plame-.jpg\" class=\"port-icon-hover popup-gallery\" data-title=\"Soggiorno Bilo Le Plame\"><i class=\"pixicon-plus\"><\/i><\/a><\/div><\/div><\/div><\/div><\/div><div class=\"element gallery-item vc_col-sm-3\"><div class=\"portfolio-container portfolio-gallery_style1\"><div class=\"portfolio-img\"><img decoding=\"async\" src=\"https:\/\/www.appartamentilorella.it\/wp-content\/uploads\/2019\/03\/Bagno-bilo-300x300.jpg\" alt=\"\"><\/div><div class=\"portfolio-hover\"><div class=\"gallery-icons\"><div class=\"center-wrap\"><a href=\"https:\/\/www.appartamentilorella.it\/wp-content\/uploads\/2019\/03\/Bagno-bilo.jpg\" class=\"port-icon-hover popup-gallery\" data-title=\"Bagno bilo\"><i class=\"pixicon-plus\"><\/i><\/a><\/div><\/div><\/div><\/div><\/div><\/div><\/div><\/div>[\/vc_column][\/vc_row][vc_row full_width=\u00a0\u00bbstretch_row_content_no_spaces\u00a0\u00bb css=\u00a0\u00bb.vc_custom_1551785876982{margin-top: 0px !important;margin-bottom: 0px !important;border-top-width: 0px !important;border-bottom-width: 0px !important;padding-top: 0px !important;padding-bottom: 0px !important;background-color: #f7f7f7 !important;}\u00a0\u00bb][vc_column width=\u00a0\u00bb1\/2&Prime; css=\u00a0\u00bb.vc_custom_1551784237534{padding-top: 5% !important;padding-right: 5% !important;padding-bottom: 5% !important;padding-left: 5% !important;}\u00a0\u00bb]<div id=\"ultimate-heading-13769efc889adcc6\" class=\"uvc-heading ult-adjust-bottom-margin ultimate-heading-13769efc889adcc6 uvc-5616 \" data-hspacer=\"no_spacer\"  data-halign=\"center\" style=\"text-align:center\"><div class=\"uvc-heading-spacer no_spacer\" style=\"top\"><\/div><div class=\"uvc-main-heading ult-responsive\"  data-ultimate-target='.uvc-heading.ultimate-heading-13769efc889adcc6 h3'  data-responsive-json-new='{\"font-size\":\"\",\"line-height\":\"\"}' ><h3 style=\"font-weight:normal;\">Trois-pi\u00e8ces<\/h3><\/div><\/div>[vc_column_text]Le <strong>Trois-pi\u00e8ces<\/strong> est compos\u00e9 d&rsquo;une chambre \u00e0 coucher avec un lit double et un lit simple, d&rsquo;une seconde chambre \u00e9quip\u00e9e de lits superpos\u00e9s, d&rsquo;un grand s\u00e9jour avec coin cuisine, d&rsquo;une salle de bain et d&rsquo;une terrasse. Chaque appartement est \u00e9quip\u00e9 d&rsquo;une t\u00e9l\u00e9vision couleurs, d&rsquo;une place de parking r\u00e9serv\u00e9e \u00e0 l&rsquo;ombre, du chauffage en hiver. Le changement des draps une fois par semaine ainsi que le m\u00e9nage final sont compris dans le prix.[\/vc_column_text][vc_single_image image=\u00a0\u00bb12027&Prime; img_size=\u00a0\u00bbmedium\u00a0\u00bb add_caption=\u00a0\u00bbyes\u00a0\u00bb alignment=\u00a0\u00bbcenter\u00a0\u00bb onclick=\u00a0\u00bblink_image\u00a0\u00bb][\/vc_column][vc_column width=\u00a0\u00bb1\/2&Prime; css=\u00a0\u00bb.vc_custom_1551784423121{margin-top: 0px !important;margin-bottom: 0px !important;border-top-width: 0px !important;border-bottom-width: 0px !important;padding-top: 0px !important;padding-bottom: 0px !important;}\u00a0\u00bb]<div class=\"gallery-block-wrap  \"><div class=\"wpb_row vc_row-fluid gallery-block-container\"><div class=\"gallery-contents  margin-no\"><div class=\"gallery-grid-sizer vc_col-sm-3\"><\/div><div class=\"element gallery-item vc_col-sm-6\"><div class=\"portfolio-container portfolio-gallery_style1\"><div class=\"portfolio-img\"><img decoding=\"async\" src=\"https:\/\/www.appartamentilorella.it\/wp-content\/uploads\/2019\/03\/Cucina-trilo-2-600x600.jpg\" alt=\"\"><\/div><div class=\"portfolio-hover\"><div class=\"gallery-icons\"><div class=\"center-wrap\"><a href=\"https:\/\/www.appartamentilorella.it\/wp-content\/uploads\/2019\/03\/Cucina-trilo-2-1920x1020.jpg\" class=\"port-icon-hover popup-gallery\" data-title=\"Cucina trilo 2\"><i class=\"pixicon-plus\"><\/i><\/a><\/div><\/div><\/div><\/div><\/div><div class=\"element gallery-item vc_col-sm-3\"><div class=\"portfolio-container portfolio-gallery_style1\"><div class=\"portfolio-img\"><img decoding=\"async\" src=\"https:\/\/www.appartamentilorella.it\/wp-content\/uploads\/2019\/03\/Bagno-trilo-300x300.jpg\" alt=\"\"><\/div><div class=\"portfolio-hover\"><div class=\"gallery-icons\"><div class=\"center-wrap\"><a href=\"https:\/\/www.appartamentilorella.it\/wp-content\/uploads\/2019\/03\/Bagno-trilo.jpg\" class=\"port-icon-hover popup-gallery\" data-title=\"Bagno trilo\"><i class=\"pixicon-plus\"><\/i><\/a><\/div><\/div><\/div><\/div><\/div><div class=\"element gallery-item vc_col-sm-3\"><div class=\"portfolio-container portfolio-gallery_style1\"><div class=\"portfolio-img\"><img decoding=\"async\" src=\"https:\/\/www.appartamentilorella.it\/wp-content\/uploads\/2019\/03\/Camera-da-letto-trilo-2-300x300.jpg\" alt=\"\"><\/div><div class=\"portfolio-hover\"><div class=\"gallery-icons\"><div class=\"center-wrap\"><a href=\"https:\/\/www.appartamentilorella.it\/wp-content\/uploads\/2019\/03\/Camera-da-letto-trilo-2.jpg\" class=\"port-icon-hover popup-gallery\" data-title=\"Camera da letto trilo 2\"><i class=\"pixicon-plus\"><\/i><\/a><\/div><\/div><\/div><\/div><\/div><div class=\"element gallery-item vc_col-sm-3\"><div class=\"portfolio-container portfolio-gallery_style1\"><div class=\"portfolio-img\"><img decoding=\"async\" src=\"https:\/\/www.appartamentilorella.it\/wp-content\/uploads\/2019\/03\/Camera-da-letto-trilo-300x300.jpg\" alt=\"\"><\/div><div class=\"portfolio-hover\"><div class=\"gallery-icons\"><div class=\"center-wrap\"><a href=\"https:\/\/www.appartamentilorella.it\/wp-content\/uploads\/2019\/03\/Camera-da-letto-trilo.jpg\" class=\"port-icon-hover popup-gallery\" data-title=\"Camera da letto trilo\"><i class=\"pixicon-plus\"><\/i><\/a><\/div><\/div><\/div><\/div><\/div><div class=\"element gallery-item vc_col-sm-3\"><div class=\"portfolio-container portfolio-gallery_style1\"><div class=\"portfolio-img\"><img decoding=\"async\" src=\"https:\/\/www.appartamentilorella.it\/wp-content\/uploads\/2019\/03\/Camera-da-letto-trilo-3-300x300.jpg\" alt=\"\"><\/div><div class=\"portfolio-hover\"><div class=\"gallery-icons\"><div class=\"center-wrap\"><a href=\"https:\/\/www.appartamentilorella.it\/wp-content\/uploads\/2019\/03\/Camera-da-letto-trilo-3.jpg\" class=\"port-icon-hover popup-gallery\" data-title=\"Camera da letto trilo 3\"><i class=\"pixicon-plus\"><\/i><\/a><\/div><\/div><\/div><\/div><\/div><\/div><\/div><\/div>[\/vc_column][\/vc_row][vc_row css=\u00a0\u00bb.vc_custom_1551786152116{padding-top: 70px !important;padding-bottom: 50px !important;}\u00a0\u00bb][vc_column]<div id=\"ultimate-heading-934869efc889b1361\" class=\"uvc-heading ult-adjust-bottom-margin ultimate-heading-934869efc889b1361 uvc-1829 \" data-hspacer=\"no_spacer\"  data-halign=\"center\" style=\"text-align:center\"><div class=\"uvc-heading-spacer no_spacer\" style=\"top\"><\/div><div class=\"uvc-main-heading ult-responsive\"  data-ultimate-target='.uvc-heading.ultimate-heading-934869efc889b1361 h3'  data-responsive-json-new='{\"font-size\":\"\",\"line-height\":\"\"}' ><h3 style=\"font-weight:normal;margin-bottom:30px;\">Vue ext\u00e9rieure<\/h3><\/div><\/div>[vc_gallery type=\u00a0\u00bbflexslider_slide\u00a0\u00bb interval=\u00a0\u00bb3&Prime; images=\u00a0\u00bb12035,12037,12038,12036,12034&Prime; img_size=\u00a0\u00bblarge\u00a0\u00bb][\/vc_column][\/vc_row]<\/p>\n<\/div>","protected":false},"excerpt":{"rendered":"<p>[vc_row css=\u00a0\u00bb.vc_custom_1551775754252{padding-top: 50px !important;padding-bottom: 0px !important;}\u00a0\u00bb][vc_column width=\u00a0\u00bb1\/2&Prime;][\/vc_column][vc_column width=\u00a0\u00bb1\/2&Prime;][vc_single_image image=\u00a0\u00bb11775&Prime; img_size=\u00a0\u00bbfull\u00a0\u00bb][\/vc_column][\/vc_row][vc_row full_width=\u00a0\u00bbstretch_row_content_no_spaces\u00a0\u00bb css=\u00a0\u00bb.vc_custom_1552908506022{margin-top: 0px !important;margin-bottom: 0px !important;border-top-width: 0px !important;border-bottom-width: 0px !important;padding-top: 0px !important;padding-bottom: 0px !important;background-color: #f7f7f7 !important;}\u00a0\u00bb][vc_column width=\u00a0\u00bb1\/2&Prime; css=\u00a0\u00bb.vc_custom_1551784237534{padding-top: 5% !important;padding-right: 5% !important;padding-bottom: 5% !important;padding-left: 5% !important;}\u00a0\u00bb][vc_column_text]Le Studio est compos\u00e9 d&rsquo;un&#8230;<\/p>\n","protected":false},"author":1,"featured_media":0,"parent":12966,"menu_order":0,"comment_status":"closed","ping_status":"closed","template":"","meta":{"footnotes":""},"class_list":["post-12951","page","type-page","status-publish","hentry"],"_links":{"self":[{"href":"https:\/\/www.appartamentilorella.it\/fr\/wp-json\/wp\/v2\/pages\/12951","targetHints":{"allow":["GET"]}}],"collection":[{"href":"https:\/\/www.appartamentilorella.it\/fr\/wp-json\/wp\/v2\/pages"}],"about":[{"href":"https:\/\/www.appartamentilorella.it\/fr\/wp-json\/wp\/v2\/types\/page"}],"author":[{"embeddable":true,"href":"https:\/\/www.appartamentilorella.it\/fr\/wp-json\/wp\/v2\/users\/1"}],"replies":[{"embeddable":true,"href":"https:\/\/www.appartamentilorella.it\/fr\/wp-json\/wp\/v2\/comments?post=12951"}],"version-history":[{"count":5,"href":"https:\/\/www.appartamentilorella.it\/fr\/wp-json\/wp\/v2\/pages\/12951\/revisions"}],"predecessor-version":[{"id":12963,"href":"https:\/\/www.appartamentilorella.it\/fr\/wp-json\/wp\/v2\/pages\/12951\/revisions\/12963"}],"up":[{"embeddable":true,"href":"https:\/\/www.appartamentilorella.it\/fr\/wp-json\/wp\/v2\/pages\/12966"}],"wp:attachment":[{"href":"https:\/\/www.appartamentilorella.it\/fr\/wp-json\/wp\/v2\/media?parent=12951"}],"curies":[{"name":"wp","href":"https:\/\/api.w.org\/{rel}","templated":true}]}}